{"id":159655,"date":"2025-11-19T09:54:38","date_gmt":"2025-11-19T08:54:38","guid":{"rendered":"https:\/\/cpts-pays-angouleme.fr\/?page_id=159655"},"modified":"2026-01-19T11:21:22","modified_gmt":"2026-01-19T10:21:22","slug":"gestion-de-la-crise-sanitaire","status":"publish","type":"page","link":"https:\/\/cptspaysdangouleme.fr\/index.php\/nos-missions\/gestion-de-la-crise-sanitaire\/","title":{"rendered":"Gestion de la crise sanitaire"},"content":{"rendered":"<div class=\"wpb-content-wrapper\"><p>[vc_row row_height_percent=\u00a0\u00bb0&Prime; override_padding=\u00a0\u00bbyes\u00a0\u00bb h_padding=\u00a0\u00bb2&Prime; top_padding=\u00a0\u00bb3&Prime; bottom_padding=\u00a0\u00bb3&Prime; back_image=\u00a0\u00bb160478&Prime; overlay_alpha=\u00a0\u00bb50&Prime; gutter_size=\u00a0\u00bb3&Prime; column_width_percent=\u00a0\u00bb100&Prime; shift_y=\u00a0\u00bb0&Prime; z_index=\u00a0\u00bb0&Prime; content_parallax=\u00a0\u00bb0&Prime; uncode_shortcode_id=\u00a0\u00bb206523&Prime;][vc_column column_width_percent=\u00a0\u00bb100&Prime; gutter_size=\u00a0\u00bb1&Prime; style=\u00a0\u00bbdark\u00a0\u00bb overlay_alpha=\u00a0\u00bb50&Prime; shift_x=\u00a0\u00bb0&Prime; shift_y=\u00a0\u00bb0&Prime; shift_y_down=\u00a0\u00bb0&Prime; z_index=\u00a0\u00bb0&Prime; medium_width=\u00a0\u00bb0&Prime; mobile_width=\u00a0\u00bb0&Prime; width=\u00a0\u00bb1\/1&Prime; uncode_shortcode_id=\u00a0\u00bb126192&Prime;][vc_custom_heading heading_semantic=\u00a0\u00bbh3&Prime; text_font=\u00a0\u00bbfont-201595&Prime; text_size=\u00a0\u00bbh3&Prime; text_weight=\u00a0\u00bb400&Prime; text_transform=\u00a0\u00bbuppercase\u00a0\u00bb uncode_shortcode_id=\u00a0\u00bb581975&Prime;]Notre mission[\/vc_custom_heading][vc_custom_heading text_font=\u00a0\u00bbfont-201595&Prime; text_transform=\u00a0\u00bbuppercase\u00a0\u00bb uncode_shortcode_id=\u00a0\u00bb694858&Prime;]Gestion de la crise sanitaire[\/vc_custom_heading][\/vc_column][\/vc_row][vc_row unlock_row_content=\u00a0\u00bbyes\u00a0\u00bb row_height_percent=\u00a0\u00bb0&Prime; override_padding=\u00a0\u00bbyes\u00a0\u00bb h_padding=\u00a0\u00bb0&Prime; top_padding=\u00a0\u00bb3&Prime; bottom_padding=\u00a0\u00bb0&Prime; back_image=\u00a0\u00bb159404&Prime; overlay_color=\u00a0\u00bbcolor-xsdn\u00a0\u00bb overlay_alpha=\u00a0\u00bb64&Prime; equal_height=\u00a0\u00bbyes\u00a0\u00bb gutter_size=\u00a0\u00bb4&Prime; column_width_percent=\u00a0\u00bb100&Prime; border_style=\u00a0\u00bbsolid\u00a0\u00bb shift_y=\u00a0\u00bb0&Prime; z_index=\u00a0\u00bb0&Prime; top_divider=\u00a0\u00bbstep_1_2&Prime; bottom_divider=\u00a0\u00bbstep_1_2&Prime; content_parallax=\u00a0\u00bb0&Prime; uncode_shortcode_id=\u00a0\u00bb128862&Prime; overlay_color_type=\u00a0\u00bbuncode-palette\u00a0\u00bb][vc_column column_width_percent=\u00a0\u00bb100&Prime; align_horizontal=\u00a0\u00bbalign_right\u00a0\u00bb gutter_size=\u00a0\u00bb3&Prime; overlay_alpha=\u00a0\u00bb50&Prime; shift_x=\u00a0\u00bb0&Prime; shift_y=\u00a0\u00bb0&Prime; z_index=\u00a0\u00bb0&Prime; medium_width=\u00a0\u00bb4&Prime; mobile_width=\u00a0\u00bb0&Prime; width=\u00a0\u00bb1\/2&Prime;][vc_single_image media=\u00a0\u00bb160695&Prime; media_width_percent=\u00a0\u00bb100&Prime; media_ratio=\u00a0\u00bbfour-three\u00a0\u00bb shape=\u00a0\u00bbimg-round\u00a0\u00bb radius=\u00a0\u00bbhg\u00a0\u00bb uncode_shortcode_id=\u00a0\u00bb120475&Prime;][\/vc_column][vc_column column_width_percent=\u00a0\u00bb100&Prime; position_horizontal=\u00a0\u00bbleft\u00a0\u00bb position_vertical=\u00a0\u00bbmiddle\u00a0\u00bb gutter_size=\u00a0\u00bb1&Prime; override_padding=\u00a0\u00bbyes\u00a0\u00bb column_padding=\u00a0\u00bb4&Prime; overlay_alpha=\u00a0\u00bb50&Prime; shift_x=\u00a0\u00bb0&Prime; shift_y=\u00a0\u00bb0&Prime; shift_y_down=\u00a0\u00bb0&Prime; z_index=\u00a0\u00bb0&Prime; medium_width=\u00a0\u00bb4&Prime; align_mobile=\u00a0\u00bbalign_center_mobile\u00a0\u00bb mobile_width=\u00a0\u00bb0&Prime; width=\u00a0\u00bb1\/2&Prime; uncode_shortcode_id=\u00a0\u00bb175197&Prime;][vc_custom_heading heading_semantic=\u00a0\u00bbp\u00a0\u00bb text_font=\u00a0\u00bbfont-201595&Prime; text_size=\u00a0\u00bbh3&Prime; text_weight=\u00a0\u00bb400&Prime; text_transform=\u00a0\u00bbuppercase\u00a0\u00bb uncode_shortcode_id=\u00a0\u00bb154693&Prime;]CPTS Pays d\u2019Angoul\u00eame[\/vc_custom_heading][vc_custom_heading heading_semantic=\u00a0\u00bbh1&Prime; text_font=\u00a0\u00bbfont-201595&Prime; text_size=\u00a0\u00bbh1&Prime; text_weight=\u00a0\u00bb700&Prime; text_transform=\u00a0\u00bbuppercase\u00a0\u00bb uncode_shortcode_id=\u00a0\u00bb192307&Prime;]Gestion de la crise sanitaire[\/vc_custom_heading][vc_empty_space empty_h=\u00a0\u00bb1&Prime;][vc_column_text uncode_shortcode_id=\u00a0\u00bb200495&Prime;]La CPTS du Pays d&rsquo;Angoul\u00eame travaille \u00e0 l&rsquo;\u00e9laboration d&rsquo;un plan de gestion de crise sanitaire pour le territoire. Ce plan vise \u00e0 structurer la coordination entre professionnels de sant\u00e9, anticiper les besoins en ressources et d\u00e9finir les circuits de prise en charge en situation d&rsquo;urgence. Notre objectif : garantir la continuit\u00e9 des soins pour tous les patients et assurer une r\u00e9ponse organis\u00e9e et adapt\u00e9e lors de futures crises sanitaires sur le Pays d&rsquo;Angoul\u00eame.[\/vc_column_text][vc_empty_space empty_h=\u00a0\u00bb1&Prime;][\/vc_column][\/vc_row][vc_row row_height_percent=\u00a0\u00bb0&Prime; override_padding=\u00a0\u00bbyes\u00a0\u00bb h_padding=\u00a0\u00bb0&Prime; top_padding=\u00a0\u00bb2&Prime; bottom_padding=\u00a0\u00bb3&Prime; overlay_alpha=\u00a0\u00bb50&Prime; equal_height=\u00a0\u00bbyes\u00a0\u00bb gutter_size=\u00a0\u00bb0&Prime; column_width_percent=\u00a0\u00bb100&Prime; shift_y=\u00a0\u00bb0&Prime; z_index=\u00a0\u00bb0&Prime; content_parallax=\u00a0\u00bb0&Prime; uncode_shortcode_id=\u00a0\u00bb944081&Prime;][vc_column column_width_percent=\u00a0\u00bb100&Prime; align_horizontal=\u00a0\u00bbalign_center\u00a0\u00bb gutter_size=\u00a0\u00bb1&Prime; style=\u00a0\u00bblight\u00a0\u00bb overlay_alpha=\u00a0\u00bb50&Prime; shift_x=\u00a0\u00bb0&Prime; shift_y=\u00a0\u00bb0&Prime; shift_y_down=\u00a0\u00bb0&Prime; z_index=\u00a0\u00bb0&Prime; medium_width=\u00a0\u00bb0&Prime; mobile_width=\u00a0\u00bb0&Prime; css_animation=\u00a0\u00bbalpha-anim\u00a0\u00bb animation_speed=\u00a0\u00bb1000&Prime; width=\u00a0\u00bb1\/1&Prime; uncode_shortcode_id=\u00a0\u00bb155525&Prime;][vc_custom_heading heading_semantic=\u00a0\u00bbh3&Prime; text_font=\u00a0\u00bbfont-201595&Prime; text_size=\u00a0\u00bbh3&Prime; text_weight=\u00a0\u00bb400&Prime; text_transform=\u00a0\u00bbuppercase\u00a0\u00bb uncode_shortcode_id=\u00a0\u00bb446745&Prime;]Notre organisation[\/vc_custom_heading][vc_custom_heading text_font=\u00a0\u00bbfont-201595&Prime; text_weight=\u00a0\u00bb700&Prime; text_transform=\u00a0\u00bbuppercase\u00a0\u00bb uncode_shortcode_id=\u00a0\u00bb549652&Prime;]pour r\u00e9pondre \u00e0 vos besoins[\/vc_custom_heading][vc_empty_space empty_h=\u00a0\u00bb3&Prime;][vc_row_inner row_inner_height_percent=\u00a0\u00bb0&Prime; overlay_alpha=\u00a0\u00bb50&Prime; gutter_size=\u00a0\u00bb4&Prime; shift_y=\u00a0\u00bb0&Prime; z_index=\u00a0\u00bb0&Prime; limit_content=\u00a0\u00bb\u00a0\u00bb uncode_shortcode_id=\u00a0\u00bb469930&Prime;][vc_column_inner column_width_percent=\u00a0\u00bb100&Prime; gutter_size=\u00a0\u00bb2&Prime; style=\u00a0\u00bbdark\u00a0\u00bb back_color=\u00a0\u00bbcolor-210407&Prime; overlay_alpha=\u00a0\u00bb50&Prime; radius=\u00a0\u00bbhg\u00a0\u00bb shift_x=\u00a0\u00bb0&Prime; shift_y=\u00a0\u00bb0&Prime; shift_y_down=\u00a0\u00bb0&Prime; z_index=\u00a0\u00bb0&Prime; medium_width=\u00a0\u00bb0&Prime; mobile_width=\u00a0\u00bb0&Prime; sticky=\u00a0\u00bbyes\u00a0\u00bb width=\u00a0\u00bb5\/12&Prime; uncode_shortcode_id=\u00a0\u00bb745588&Prime; back_color_type=\u00a0\u00bbuncode-palette\u00a0\u00bb][vc_custom_heading heading_semantic=\u00a0\u00bbh4&Prime; text_font=\u00a0\u00bbfont-133811&Prime; text_size=\u00a0\u00bbh5&Prime; text_weight=\u00a0\u00bb700&Prime; text_transform=\u00a0\u00bbuppercase\u00a0\u00bb uncode_shortcode_id=\u00a0\u00bb224694&Prime;]objectifs de la mission[\/vc_custom_heading][vc_empty_space empty_h=\u00a0\u00bb1&Prime;][uncode_list icon=\u00a0\u00bbfa fa-check\u00a0\u00bb icon_color=\u00a0\u00bbcolor-127499&Prime; uncode_shortcode_id=\u00a0\u00bb833985&Prime; icon_color_type=\u00a0\u00bbuncode-palette\u00a0\u00bb]<\/p>\n<ul>\n<li>Planifier et pr\u00e9parer les r\u00e9ponses \u00e0 apporter sur le territoire<\/li>\n<\/ul>\n<p>[\/uncode_list][vc_empty_space empty_h=\u00a0\u00bb1&Prime;][\/vc_column_inner][vc_column_inner column_width_percent=\u00a0\u00bb100&Prime; gutter_size=\u00a0\u00bb1&Prime; override_padding=\u00a0\u00bbyes\u00a0\u00bb column_padding=\u00a0\u00bb2&Prime; style=\u00a0\u00bblight\u00a0\u00bb overlay_alpha=\u00a0\u00bb50&Prime; radius=\u00a0\u00bbhg\u00a0\u00bb border_color=\u00a0\u00bbcolor-210407&Prime; border_style=\u00a0\u00bbsolid\u00a0\u00bb shift_x=\u00a0\u00bb0&Prime; shift_y=\u00a0\u00bb0&Prime; shift_y_down=\u00a0\u00bb0&Prime; z_index=\u00a0\u00bb0&Prime; medium_width=\u00a0\u00bb0&Prime; mobile_width=\u00a0\u00bb0&Prime; width=\u00a0\u00bb7\/12&Prime; uncode_shortcode_id=\u00a0\u00bb141671&Prime; css=\u00a0\u00bb.vc_custom_1765814353328{border-top-width: 2px !important;border-right-width: 2px !important;border-bottom-width: 2px !important;border-left-width: 2px !important;}\u00a0\u00bb border_color_type=\u00a0\u00bbuncode-palette\u00a0\u00bb][vc_custom_heading heading_semantic=\u00a0\u00bbh5&Prime; text_font=\u00a0\u00bbfont-133811&Prime; text_size=\u00a0\u00bbh5&Prime; text_weight=\u00a0\u00bb700&Prime; text_transform=\u00a0\u00bbuppercase\u00a0\u00bb uncode_shortcode_id=\u00a0\u00bb172663&Prime;]En pratique[\/vc_custom_heading][vc_empty_space empty_h=\u00a0\u00bb1&Prime;][uncode_list icon=\u00a0\u00bbfa fa-check\u00a0\u00bb icon_color=\u00a0\u00bbcolor-127499&Prime; uncode_shortcode_id=\u00a0\u00bb690361&Prime; icon_color_type=\u00a0\u00bbuncode-palette\u00a0\u00bb]<\/p>\n<ul>\n<li>Former des professionnels de sant\u00e9 r\u00e9f\u00e9rents \u00e0 la gestion de crise<\/li>\n<li>Tenir un registre des professionnels de sant\u00e9 du territoire<\/li>\n<li>\u00c9criture de protocole de retour \u00e0 la normale et d\u2019\u00e9valuation de l\u2019intervention.s<\/li>\n<\/ul>\n<p>[\/uncode_list][\/vc_column_inner][\/vc_row_inner][\/vc_column][\/vc_row]<\/p>\n<\/div>","protected":false},"excerpt":{"rendered":"<p>La CPTS Pays d\u2019Angoul\u00eame agit chaque jour pour rendre le parcours de sant\u00e9 des habitants plus fluide.<\/p>\n","protected":false},"author":2,"featured_media":160695,"parent":159516,"menu_order":4,"comment_status":"closed","ping_status":"closed","template":"","meta":{"_price":"","_stock":"","_tribe_ticket_header":"","_tribe_default_ticket_provider":"","_tribe_ticket_capacity":"0","_ticket_start_date":"","_ticket_end_date":"","_tribe_ticket_show_description":"","_tribe_ticket_show_not_going":false,"_tribe_ticket_use_global_stock":"","_tribe_ticket_global_stock_level":"","_global_stock_mode":"","_global_stock_cap":"","_tribe_rsvp_for_event":"","_tribe_ticket_going_count":"","_tribe_ticket_not_going_count":"","_tribe_tickets_list":"[]","_tribe_ticket_has_attendee_info_fields":false,"footnotes":"","_tec_slr_enabled":"","_tec_slr_layout":""},"class_list":["post-159655","page","type-page","status-publish","has-post-thumbnail","hentry","page_category-nos-missions"],"yoast_head":"<!-- This site is optimized with the Yoast SEO plugin v27.3 - https:\/\/yoast.com\/product\/yoast-seo-wordpress\/ -->\n<title>Gestion de la crise sanitaire - Cpts Pays Angouleme<\/title>\n<meta name=\"robots\" content=\"index, follow, max-snippet:-1, max-image-preview:large, max-video-preview:-1\" \/>\n<link rel=\"canonical\" href=\"https:\/\/cptspaysdangouleme.fr\/index.php\/nos-missions\/gestion-de-la-crise-sanitaire\/\" \/>\n<meta property=\"og:locale\" content=\"fr_FR\" \/>\n<meta property=\"og:type\" content=\"article\" \/>\n<meta property=\"og:title\" content=\"Gestion de la crise sanitaire - Cpts Pays Angouleme\" \/>\n<meta property=\"og:description\" content=\"La CPTS Pays d\u2019Angoul\u00eame agit chaque jour pour rendre le parcours de sant\u00e9 des habitants plus fluide.\" \/>\n<meta property=\"og:url\" content=\"https:\/\/cptspaysdangouleme.fr\/index.php\/nos-missions\/gestion-de-la-crise-sanitaire\/\" \/>\n<meta property=\"og:site_name\" content=\"Cpts Pays Angouleme\" \/>\n<meta property=\"article:modified_time\" content=\"2026-01-19T10:21:22+00:00\" \/>\n<meta property=\"og:image\" content=\"https:\/\/cptspaysdangouleme.fr\/wp-content\/uploads\/2026\/01\/crise.jpg\" \/>\n\t<meta property=\"og:image:width\" content=\"1280\" \/>\n\t<meta property=\"og:image:height\" content=\"800\" \/>\n\t<meta property=\"og:image:type\" content=\"image\/jpeg\" \/>\n<meta name=\"twitter:card\" content=\"summary_large_image\" \/>\n<meta name=\"twitter:label1\" content=\"Dur\u00e9e de lecture estim\u00e9e\" \/>\n\t<meta name=\"twitter:data1\" content=\"3 minutes\" \/>\n<script type=\"application\/ld+json\" class=\"yoast-schema-graph\">{\"@context\":\"https:\\\/\\\/schema.org\",\"@graph\":[{\"@type\":\"WebPage\",\"@id\":\"https:\\\/\\\/cptspaysdangouleme.fr\\\/index.php\\\/nos-missions\\\/gestion-de-la-crise-sanitaire\\\/\",\"url\":\"https:\\\/\\\/cptspaysdangouleme.fr\\\/index.php\\\/nos-missions\\\/gestion-de-la-crise-sanitaire\\\/\",\"name\":\"Gestion de la crise sanitaire - Cpts Pays Angouleme\",\"isPartOf\":{\"@id\":\"https:\\\/\\\/cptspaysdangouleme.fr\\\/#website\"},\"primaryImageOfPage\":{\"@id\":\"https:\\\/\\\/cptspaysdangouleme.fr\\\/index.php\\\/nos-missions\\\/gestion-de-la-crise-sanitaire\\\/#primaryimage\"},\"image\":{\"@id\":\"https:\\\/\\\/cptspaysdangouleme.fr\\\/index.php\\\/nos-missions\\\/gestion-de-la-crise-sanitaire\\\/#primaryimage\"},\"thumbnailUrl\":\"https:\\\/\\\/cptspaysdangouleme.fr\\\/wp-content\\\/uploads\\\/2026\\\/01\\\/crise.jpg\",\"datePublished\":\"2025-11-19T08:54:38+00:00\",\"dateModified\":\"2026-01-19T10:21:22+00:00\",\"breadcrumb\":{\"@id\":\"https:\\\/\\\/cptspaysdangouleme.fr\\\/index.php\\\/nos-missions\\\/gestion-de-la-crise-sanitaire\\\/#breadcrumb\"},\"inLanguage\":\"fr-FR\",\"potentialAction\":[{\"@type\":\"ReadAction\",\"target\":[\"https:\\\/\\\/cptspaysdangouleme.fr\\\/index.php\\\/nos-missions\\\/gestion-de-la-crise-sanitaire\\\/\"]}]},{\"@type\":\"ImageObject\",\"inLanguage\":\"fr-FR\",\"@id\":\"https:\\\/\\\/cptspaysdangouleme.fr\\\/index.php\\\/nos-missions\\\/gestion-de-la-crise-sanitaire\\\/#primaryimage\",\"url\":\"https:\\\/\\\/cptspaysdangouleme.fr\\\/wp-content\\\/uploads\\\/2026\\\/01\\\/crise.jpg\",\"contentUrl\":\"https:\\\/\\\/cptspaysdangouleme.fr\\\/wp-content\\\/uploads\\\/2026\\\/01\\\/crise.jpg\",\"width\":1280,\"height\":800},{\"@type\":\"BreadcrumbList\",\"@id\":\"https:\\\/\\\/cptspaysdangouleme.fr\\\/index.php\\\/nos-missions\\\/gestion-de-la-crise-sanitaire\\\/#breadcrumb\",\"itemListElement\":[{\"@type\":\"ListItem\",\"position\":1,\"name\":\"Home\",\"item\":\"https:\\\/\\\/cptspaysdangouleme.fr\\\/\"},{\"@type\":\"ListItem\",\"position\":2,\"name\":\"Nos missions\",\"item\":\"https:\\\/\\\/cptspaysdangouleme.fr\\\/index.php\\\/nos-missions\\\/\"},{\"@type\":\"ListItem\",\"position\":3,\"name\":\"Gestion de la crise sanitaire\"}]},{\"@type\":\"WebSite\",\"@id\":\"https:\\\/\\\/cptspaysdangouleme.fr\\\/#website\",\"url\":\"https:\\\/\\\/cptspaysdangouleme.fr\\\/\",\"name\":\"Cpts Pays Angouleme\",\"description\":\"\",\"potentialAction\":[{\"@type\":\"SearchAction\",\"target\":{\"@type\":\"EntryPoint\",\"urlTemplate\":\"https:\\\/\\\/cptspaysdangouleme.fr\\\/?s={search_term_string}\"},\"query-input\":{\"@type\":\"PropertyValueSpecification\",\"valueRequired\":true,\"valueName\":\"search_term_string\"}}],\"inLanguage\":\"fr-FR\"}]}<\/script>\n<!-- \/ Yoast SEO plugin. -->","yoast_head_json":{"title":"Gestion de la crise sanitaire - Cpts Pays Angouleme","robots":{"index":"index","follow":"follow","max-snippet":"max-snippet:-1","max-image-preview":"max-image-preview:large","max-video-preview":"max-video-preview:-1"},"canonical":"https:\/\/cptspaysdangouleme.fr\/index.php\/nos-missions\/gestion-de-la-crise-sanitaire\/","og_locale":"fr_FR","og_type":"article","og_title":"Gestion de la crise sanitaire - Cpts Pays Angouleme","og_description":"La CPTS Pays d\u2019Angoul\u00eame agit chaque jour pour rendre le parcours de sant\u00e9 des habitants plus fluide.","og_url":"https:\/\/cptspaysdangouleme.fr\/index.php\/nos-missions\/gestion-de-la-crise-sanitaire\/","og_site_name":"Cpts Pays Angouleme","article_modified_time":"2026-01-19T10:21:22+00:00","og_image":[{"width":1280,"height":800,"url":"https:\/\/cptspaysdangouleme.fr\/wp-content\/uploads\/2026\/01\/crise.jpg","type":"image\/jpeg"}],"twitter_card":"summary_large_image","twitter_misc":{"Dur\u00e9e de lecture estim\u00e9e":"3 minutes"},"schema":{"@context":"https:\/\/schema.org","@graph":[{"@type":"WebPage","@id":"https:\/\/cptspaysdangouleme.fr\/index.php\/nos-missions\/gestion-de-la-crise-sanitaire\/","url":"https:\/\/cptspaysdangouleme.fr\/index.php\/nos-missions\/gestion-de-la-crise-sanitaire\/","name":"Gestion de la crise sanitaire - Cpts Pays Angouleme","isPartOf":{"@id":"https:\/\/cptspaysdangouleme.fr\/#website"},"primaryImageOfPage":{"@id":"https:\/\/cptspaysdangouleme.fr\/index.php\/nos-missions\/gestion-de-la-crise-sanitaire\/#primaryimage"},"image":{"@id":"https:\/\/cptspaysdangouleme.fr\/index.php\/nos-missions\/gestion-de-la-crise-sanitaire\/#primaryimage"},"thumbnailUrl":"https:\/\/cptspaysdangouleme.fr\/wp-content\/uploads\/2026\/01\/crise.jpg","datePublished":"2025-11-19T08:54:38+00:00","dateModified":"2026-01-19T10:21:22+00:00","breadcrumb":{"@id":"https:\/\/cptspaysdangouleme.fr\/index.php\/nos-missions\/gestion-de-la-crise-sanitaire\/#breadcrumb"},"inLanguage":"fr-FR","potentialAction":[{"@type":"ReadAction","target":["https:\/\/cptspaysdangouleme.fr\/index.php\/nos-missions\/gestion-de-la-crise-sanitaire\/"]}]},{"@type":"ImageObject","inLanguage":"fr-FR","@id":"https:\/\/cptspaysdangouleme.fr\/index.php\/nos-missions\/gestion-de-la-crise-sanitaire\/#primaryimage","url":"https:\/\/cptspaysdangouleme.fr\/wp-content\/uploads\/2026\/01\/crise.jpg","contentUrl":"https:\/\/cptspaysdangouleme.fr\/wp-content\/uploads\/2026\/01\/crise.jpg","width":1280,"height":800},{"@type":"BreadcrumbList","@id":"https:\/\/cptspaysdangouleme.fr\/index.php\/nos-missions\/gestion-de-la-crise-sanitaire\/#breadcrumb","itemListElement":[{"@type":"ListItem","position":1,"name":"Home","item":"https:\/\/cptspaysdangouleme.fr\/"},{"@type":"ListItem","position":2,"name":"Nos missions","item":"https:\/\/cptspaysdangouleme.fr\/index.php\/nos-missions\/"},{"@type":"ListItem","position":3,"name":"Gestion de la crise sanitaire"}]},{"@type":"WebSite","@id":"https:\/\/cptspaysdangouleme.fr\/#website","url":"https:\/\/cptspaysdangouleme.fr\/","name":"Cpts Pays Angouleme","description":"","potentialAction":[{"@type":"SearchAction","target":{"@type":"EntryPoint","urlTemplate":"https:\/\/cptspaysdangouleme.fr\/?s={search_term_string}"},"query-input":{"@type":"PropertyValueSpecification","valueRequired":true,"valueName":"search_term_string"}}],"inLanguage":"fr-FR"}]}},"ticketed":false,"_links":{"self":[{"href":"https:\/\/cptspaysdangouleme.fr\/index.php\/wp-json\/wp\/v2\/pages\/159655","targetHints":{"allow":["GET"]}}],"collection":[{"href":"https:\/\/cptspaysdangouleme.fr\/index.php\/wp-json\/wp\/v2\/pages"}],"about":[{"href":"https:\/\/cptspaysdangouleme.fr\/index.php\/wp-json\/wp\/v2\/types\/page"}],"author":[{"embeddable":true,"href":"https:\/\/cptspaysdangouleme.fr\/index.php\/wp-json\/wp\/v2\/users\/2"}],"replies":[{"embeddable":true,"href":"https:\/\/cptspaysdangouleme.fr\/index.php\/wp-json\/wp\/v2\/comments?post=159655"}],"version-history":[{"count":24,"href":"https:\/\/cptspaysdangouleme.fr\/index.php\/wp-json\/wp\/v2\/pages\/159655\/revisions"}],"predecessor-version":[{"id":160860,"href":"https:\/\/cptspaysdangouleme.fr\/index.php\/wp-json\/wp\/v2\/pages\/159655\/revisions\/160860"}],"up":[{"embeddable":true,"href":"https:\/\/cptspaysdangouleme.fr\/index.php\/wp-json\/wp\/v2\/pages\/159516"}],"wp:featuredmedia":[{"embeddable":true,"href":"https:\/\/cptspaysdangouleme.fr\/index.php\/wp-json\/wp\/v2\/media\/160695"}],"wp:attachment":[{"href":"https:\/\/cptspaysdangouleme.fr\/index.php\/wp-json\/wp\/v2\/media?parent=159655"}],"curies":[{"name":"wp","href":"https:\/\/api.w.org\/{rel}","templated":true}]}}